{"id":8366,"date":"2022-02-22T13:18:01","date_gmt":"2022-02-22T12:18:01","guid":{"rendered":"https:\/\/www.hestasaga.com\/?post_type=kunst_kultur&#038;p=8366"},"modified":"2022-02-22T21:45:51","modified_gmt":"2022-02-22T20:45:51","slug":"faereyjar-natturuperla-sem-kemur-a-ovart","status":"publish","type":"kunst_kultur","link":"https:\/\/www.hestasaga.com\/is\/kunst_kultur\/faereyjar-natturuperla-sem-kemur-a-ovart\/","title":{"rendered":"F\u00e6reyjar &#8211; n\u00e1tt\u00faruperla sem kemur \u00e1 \u00f3vart!"},"content":{"rendered":"\n<figure class=\"wp-block-image size-large is-resized\"><img fetchpriority=\"high\" src=\"https:\/\/www.hestasaga.com\/wp-content\/uploads\/landscape-g4467fdc30_1920-1024x576.jpg\" alt=\"\" class=\"wp-image-8413\" width=\"768\" height=\"432\" srcset=\"https:\/\/www.hestasaga.com\/wp-content\/uploads\/landscape-g4467fdc30_1920-1024x576.jpg 1024w, https:\/\/www.hestasaga.com\/wp-content\/uploads\/landscape-g4467fdc30_1920-300x169.jpg 300w, https:\/\/www.hestasaga.com\/wp-content\/uploads\/landscape-g4467fdc30_1920-768x432.jpg 768w, https:\/\/www.hestasaga.com\/wp-content\/uploads\/landscape-g4467fdc30_1920-1536x864.jpg 1536w, https:\/\/www.hestasaga.com\/wp-content\/uploads\/landscape-g4467fdc30_1920.jpg 1920w\" sizes=\"(max-width: 768px) 100vw, 768px\" \/><figcaption><em>F\u00e6reyjar a\u00f0 n\u00e1lgast, umluktar dularfullu mistri. Mynd\/Nico Kopf<\/em><\/figcaption><\/figure>\n\n\n\n<p class=\"has-drop-cap\">\u00dea\u00f0 er ekki a\u00f0eins \u00feoka, rok og rigning sem b\u00ed\u00f0ur fer\u00f0amannsins \u00ed F\u00e6reyjum, heldur einnig hr\u00edfandi landslag og skemmtilegt f\u00f3lk. \u00c9g komst a\u00f0 \u00fev\u00ed n\u00fdlega, \u00feegar \u00e9g var a\u00f0 lesa mig til um f\u00e6reyska hestinn og sko\u00f0a myndb\u00f6nd um eyjarnar.<\/p>\n\n\n\n<p>\u00der\u00e1tt fyrir a\u00f0 margt s\u00e9 mj\u00f6g l\u00edkt me\u00f0 F\u00e6reyjum og \u00cdslandi, b\u00e6\u00f0i hva\u00f0 var\u00f0ar landslag og menningu, \u00fe\u00e1 kom m\u00e9r \u00fdmislegt \u00e1 \u00f3vart og forvitni m\u00edn og l\u00f6ngum eftir a\u00f0 f\u00e1 a\u00f0 upplifa eyjarnar a\u00f0 eigin raun f\u00f3r st\u00f6\u00f0ugt vaxandi. \u00dea\u00f0 enda\u00f0i n\u00e1tt\u00farulega me\u00f0 \u00fev\u00ed a\u00f0 \u00e9g b\u00f3ka\u00f0i m\u00e9r fer\u00f0 me\u00f0 Smyrli og  \u00e9g \u00e1\u00e6tla a\u00f0 fara til F\u00e6reyja \u00ed mars (2022). <\/p>\n\n\n\n<p>\u00c9g mun deila upplifun minni af fer\u00f0inni \u00ed m\u00e1li og myndum s\u00ed\u00f0ar h\u00e9r hj\u00e1 okkur \u00e1 HestaS\u00f6gu. Til a\u00f0 byrja me\u00f0 hef \u00e9g teki\u00f0 saman nokkrar sta\u00f0reyndir um eyjarnar sem \u00e9g fann \u00e1 netinu og tv\u00f6 stutt myndb\u00f6nd sem \u00e9g m\u00e6li me\u00f0 a\u00f0 \u00fei\u00f0 k\u00edki\u00f0 \u00e1. Kannski kveikir \u00fea\u00f0 \u00e1huga hj\u00e1 fleirum en m\u00e9r a\u00f0 skella s\u00e9r til F\u00e6reyja \u00e1 n\u00e6stunni!<br><br><\/p>\n\n\n\n<div class=\"wp-block-image\"><figure class=\"aligncenter size-large is-resized\"><img src=\"https:\/\/www.hestasaga.com\/wp-content\/uploads\/island-g02cdee139_1920-1024x819.jpg\" alt=\"\" class=\"wp-image-8371\" width=\"512\" height=\"410\" srcset=\"https:\/\/www.hestasaga.com\/wp-content\/uploads\/island-g02cdee139_1920-1024x819.jpg 1024w, https:\/\/www.hestasaga.com\/wp-content\/uploads\/island-g02cdee139_1920-300x240.jpg 300w, https:\/\/www.hestasaga.com\/wp-content\/uploads\/island-g02cdee139_1920-768x614.jpg 768w, https:\/\/www.hestasaga.com\/wp-content\/uploads\/island-g02cdee139_1920-1536x1229.jpg 1536w, https:\/\/www.hestasaga.com\/wp-content\/uploads\/island-g02cdee139_1920.jpg 1920w\" sizes=\"(max-width: 512px) 100vw, 512px\" \/><figcaption><em>\u00d3tr\u00falega falleg n\u00e1tt\u00fara b\u00ed\u00f0ur fer\u00f0amannsins \u00ed F\u00e6reyjum. Mynd\/Mikkel Wejdemann.<\/em><\/figcaption><\/figure><\/div>\n\n\n\n<p class=\"has-medium-font-size\"><span><span style=\"font-weight: bold; color: rgb(5, 137, 194);\" class=\"has-inline-color\">\u00deverhn\u00edptir klettar, drangar og undurf\u00f6gur fj\u00f6ll<\/span><\/span><\/p>\n\n\n\n<p>F\u00e6reyjar eru eyjaklasi \u00ed Atlantshafi sem samanstendur af 18 misst\u00f3rum eyjum sem liggja \u00e1 62\u00b0 breiddargr\u00e1\u00f0u milli Skotlands, Noregs og \u00cdslands. Minnst eyjanna er L\u00edtla D\u00edmun sem er a\u00f0eins 0,8 km<sup>2<\/sup> og st\u00e6rst \u00feeirra er Streymoy me\u00f0 375 km<sup>2<\/sup>. Alls eru F\u00e6reyjar a\u00f0 flatarm\u00e1li r\u00famlega 1.396 km<sup>2<\/sup> sem er \u00ed heildina heldur minna en t.d. Vestur-Bar\u00f0astrandars\u00fdsla \u00e1 \u00cdslandi.<\/p>\n\n\n\n<p>Eyjarnar eru fj\u00f6ll\u00f3ttar og r\u00edsa margar \u00feeirra snarbratt upp \u00far sj\u00f3num me\u00f0 hrikalegum, \u00feverhn\u00edptum, klettaveggjum. Sem d\u00e6mi m\u00e1 nefna a\u00f0 Cape Enniberg \u00e1 Vi\u00f0oy er me\u00f0 754 metra er tali\u00f0 vera h\u00e6sta standberg, sem r\u00eds l\u00f3\u00f0r\u00e9tt upp \u00far sj\u00f3num \u00ed heimi. \u00c1 Kunoy er klettaveggurinn Kunoyernakkur sem reyndar er a\u00f0eins h\u00e6rri e\u00f0a 819 metrar, en hann r\u00eds ekki l\u00f3\u00f0r\u00e9tt upp \u00far sj\u00f3num.<\/p>\n\n\n\n<p>\u00deeir sem ganga \u00e1 h\u00e6sta fjall F\u00e6reyja, Sl\u00e6ttaratind (880 metrar) \u00e1 Eysturoy, \u00e1 hei\u00f0r\u00edkum degi hafa \u00fats\u00fdni yfir allar 18 eyjarnar. Sumir segja a\u00f0 vi\u00f0 einstaklega g\u00f3\u00f0ar a\u00f0st\u00e6\u00f0ur s\u00e9 jafnvel h\u00e6gt a\u00f0 sj\u00e1 alla lei\u00f0 til \u00cdslands.<br><br><\/p>\n\n\n\n<div class=\"wp-block-image is-style-default\"><figure class=\"aligncenter size-large is-resized\"><img src=\"https:\/\/www.hestasaga.com\/wp-content\/uploads\/foroyar-gc92aad387_1920-1024x672.jpg\" alt=\"\" class=\"wp-image-8372\" width=\"623\" height=\"409\" srcset=\"https:\/\/www.hestasaga.com\/wp-content\/uploads\/foroyar-gc92aad387_1920-1024x672.jpg 1024w, https:\/\/www.hestasaga.com\/wp-content\/uploads\/foroyar-gc92aad387_1920-300x197.jpg 300w, https:\/\/www.hestasaga.com\/wp-content\/uploads\/foroyar-gc92aad387_1920-768x504.jpg 768w, https:\/\/www.hestasaga.com\/wp-content\/uploads\/foroyar-gc92aad387_1920-1536x1008.jpg 1536w, https:\/\/www.hestasaga.com\/wp-content\/uploads\/foroyar-gc92aad387_1920.jpg 1920w\" sizes=\"(max-width: 623px) 100vw, 623px\" \/><figcaption><em>Um \u00fea\u00f0 bil 70.000 kindur eru \u00e1 eyjunum. Mynd\/Rav.<\/em><\/figcaption><\/figure><\/div>\n\n\n\n<p class=\"has-medium-font-size\"><strong><span style=\"color:#0589c2\" class=\"has-inline-color\">Fleiri sau\u00f0kindur lifa \u00e1 eyjunum en F\u00e6reyingar <\/span><\/strong><\/p>\n\n\n\n<p>Sau\u00f0kindin hefur \u00ed gegnum aldirnar haldi\u00f0 l\u00edfinu \u00ed F\u00e6reyingum og var sau\u00f0fj\u00e1rr\u00e6kt mikilv\u00e6gasta atvinnugrein eyjaskeggja allt fram \u00e1 20. \u00f6ld. \u00dea\u00f0 skal \u00fev\u00ed engan undra a\u00f0 nafni\u00f0 F\u00f8ryoar merkir fj\u00e1reyjar \u00e1 f\u00e6reysku.<\/p>\n\n\n\n<p>\u00deegar norr\u00e6nir landn\u00e1msmenn komu til F\u00e6reyja \u00e1 9. \u00f6ld fundu \u00feeir fyrir \u00edrska munka og miki\u00f0 af sau\u00f0f\u00e9 \u00e1 eyjunum. \u00deetta sau\u00f0f\u00e9 \u00e1samt f\u00e9 sem landn\u00e1msmenn h\u00f6f\u00f0u \u00ed f\u00f6r me\u00f0 s\u00e9r hefur \u00ed hundru\u00f0i \u00e1ra a\u00f0lagast f\u00e6reyskri n\u00e1tt\u00faru og myndar uppist\u00f6\u00f0una af f\u00e6reyska sau\u00f0fj\u00e1rkyninu \u00ed dag. <\/p>\n\n\n\n<p>F\u00e6reyska f\u00e9\u00f0 er fremur l\u00e1gvaxi\u00f0, l\u00e9ttbyggt, n\u00e6gjusamt og einstaklega f\u00f3tvisst. Ennfremur er f\u00e6reyska sau\u00f0kindin b\u00fain d\u00fdrm\u00e6tri ull til a\u00f0 standast hvers kyns ve\u00f0urskilyr\u00f0i. \u201e<em>Ull er F\u00f8ryoa gull<\/em>\u201c segir \u00ed g\u00f6mlu f\u00e6reysku spakm\u00e6li, enda var ull lengi vel a\u00f0al \u00fatflutningsvara F\u00e6reyinga.<br><br><\/p>\n\n\n\n<figure class=\"wp-block-image size-large is-resized\"><img loading=\"lazy\" src=\"https:\/\/www.hestasaga.com\/wp-content\/uploads\/foroyar-gf83739c57_1920-1024x683.jpg\" alt=\"\" class=\"wp-image-8412\" width=\"584\" height=\"390\" srcset=\"https:\/\/www.hestasaga.com\/wp-content\/uploads\/foroyar-gf83739c57_1920-1024x683.jpg 1024w, https:\/\/www.hestasaga.com\/wp-content\/uploads\/foroyar-gf83739c57_1920-300x200.jpg 300w, https:\/\/www.hestasaga.com\/wp-content\/uploads\/foroyar-gf83739c57_1920-768x512.jpg 768w, https:\/\/www.hestasaga.com\/wp-content\/uploads\/foroyar-gf83739c57_1920-1536x1024.jpg 1536w, https:\/\/www.hestasaga.com\/wp-content\/uploads\/foroyar-gf83739c57_1920.jpg 1920w\" sizes=\"(max-width: 584px) 100vw, 584px\" \/><figcaption><em>Flest \u00feorp \u00ed F\u00e6reyjum eru me\u00f0fram str\u00f6ndinni. Mynd\/Rav<\/em><\/figcaption><\/figure>\n\n\n\n<p class=\"has-medium-font-size\"><strong><span style=\"color:#0589c2\" class=\"has-inline-color\">\u00cdb\u00faum F\u00e6reyja fer fj\u00f6lgandi<\/span><\/strong><\/p>\n\n\n\n<p>\u00cdb\u00faafj\u00f6ldi \u00ed F\u00e6reyjum \u00fer\u00f3a\u00f0ist h\u00e6gt \u00ed fyrstu og \u00fea\u00f0 var ekki fyrren upp \u00far mi\u00f0ri 19. \u00f6ld a\u00f0 \u00edb\u00faum f\u00f3r a\u00f0 fj\u00f6lga eitthva\u00f0 a\u00f0 r\u00e1\u00f0i. \u00cd byrjun 20 aldar bjuggu a\u00f0eins 15.230 manns \u00ed F\u00e6reyjum. \u00cd dag 121 \u00e1ri s\u00ed\u00f0ar b\u00faa r\u00famlega \u00ferisvar sinnum fleiri \u00ed F\u00e6reyjum e\u00f0a 53.513 (okt\u00f3ber 2021) manns.<\/p>\n\n\n\n<p>R\u00famlega helmingur \u00edb\u00faa eru karlar (52%) og er me\u00f0al\u00e6vilengd \u00feeirra 79,9 \u00e1r en kvenna 84,4 \u00e1r. \u00cd F\u00e6reyjum f\u00e6\u00f0ast 2,4 b\u00f6rn \u00e1 hverja konu sem er me\u00f0al \u00feess sem best gerist \u00ed Evr\u00f3pu.<br><br><\/p>\n\n\n\n<figure class=\"wp-block-image size-large is-resized is-style-default\"><img loading=\"lazy\" src=\"https:\/\/www.hestasaga.com\/wp-content\/uploads\/weatherproof-g5a2090c6f_1920-2-1024x680.jpg\" alt=\"\" class=\"wp-image-8379\" width=\"579\" height=\"384\" srcset=\"https:\/\/www.hestasaga.com\/wp-content\/uploads\/weatherproof-g5a2090c6f_1920-2-1024x680.jpg 1024w, https:\/\/www.hestasaga.com\/wp-content\/uploads\/weatherproof-g5a2090c6f_1920-2-300x199.jpg 300w, https:\/\/www.hestasaga.com\/wp-content\/uploads\/weatherproof-g5a2090c6f_1920-2-768x510.jpg 768w, https:\/\/www.hestasaga.com\/wp-content\/uploads\/weatherproof-g5a2090c6f_1920-2-1536x1020.jpg 1536w, https:\/\/www.hestasaga.com\/wp-content\/uploads\/weatherproof-g5a2090c6f_1920-2.jpg 1920w\" sizes=\"(max-width: 579px) 100vw, 579px\" \/><figcaption><em>Sumar eyjarnar eru mj\u00f6g f\u00e1mennar og er a\u00f0eins h\u00e6gt a\u00f0 n\u00e1lgast \u00fe\u00e6r af sj\u00f3 e\u00f0a \u00far lofti. Mynd\/Markus Bilz<\/em><\/figcaption><\/figure>\n\n\n\n<p class=\"has-medium-font-size\"><span style=\"color:#0589c2\" class=\"has-inline-color\"><strong>V\u00ed\u00f0a strj\u00e1lb\u00fdlt og  einmannalegt<\/strong><\/span><\/p>\n\n\n\n<p>Allar eyjarnar nema ein eru \u00ed bygg\u00f0. \u00cdb\u00faafj\u00f6ldi eyjanna er mj\u00f6g misjafn og er minnst 1,1 og mest 66,9 \u00edb\u00faar \u00e1 hvern km<sup>2<\/sup>. T\u00e6plega helmingur allra F\u00e6reyinga (48%) b\u00faa \u00e1 eyjunni Straumey, \u00fear sem h\u00f6fu\u00f0borgin \u00de\u00f3rsh\u00f6fn er sta\u00f0sett.<\/p>\n\n\n\n<p>Margar eyjanna eru tengdar me\u00f0 ne\u00f0ansj\u00e1varg\u00f6ngum e\u00f0a br\u00fam. Sumar \u00feeirra er \u00fe\u00f3 a\u00f0eins h\u00e6gt a\u00f0 fer\u00f0ast til sj\u00f3lei\u00f0is e\u00f0a me\u00f0 \u00feyrluflugi.<br><br><\/p>\n\n\n\n<figure class=\"wp-block-image size-large is-resized\"><img loading=\"lazy\" src=\"https:\/\/www.hestasaga.com\/wp-content\/uploads\/faroeislands-g36463b2fa_1920-1024x694.jpg\" alt=\"\" class=\"wp-image-8414\" width=\"582\" height=\"394\" srcset=\"https:\/\/www.hestasaga.com\/wp-content\/uploads\/faroeislands-g36463b2fa_1920-1024x694.jpg 1024w, https:\/\/www.hestasaga.com\/wp-content\/uploads\/faroeislands-g36463b2fa_1920-300x203.jpg 300w, https:\/\/www.hestasaga.com\/wp-content\/uploads\/faroeislands-g36463b2fa_1920-768x520.jpg 768w, https:\/\/www.hestasaga.com\/wp-content\/uploads\/faroeislands-g36463b2fa_1920-1536x1041.jpg 1536w, https:\/\/www.hestasaga.com\/wp-content\/uploads\/faroeislands-g36463b2fa_1920.jpg 1920w\" sizes=\"(max-width: 582px) 100vw, 582px\" \/><figcaption><em>Himinh\u00e1 fj\u00f6ll blasa hvarvetna vi\u00f0 \u00edb\u00faum F\u00e6reyja. Mynd\/Mikkel Wejdemann.<\/em><\/figcaption><\/figure>\n\n\n\n<p class=\"has-medium-font-size\"><strong><span style=\"color:#0589c2\" class=\"has-inline-color\">Samband F\u00e6reyja og Danmerkur<\/span><\/strong><\/p>\n\n\n\n<p>F\u00e6reyjar eru sj\u00e1lfstj\u00f3rnarr\u00edki sem tilheyrir Danm\u00f6rku. Fr\u00e1 1948 hafa F\u00e6reyingar s\u00e9\u00f0 um flest s\u00edn innanr\u00edkism\u00e1l sj\u00e1lfir, en Danm\u00f6rk ber \u00e1byrg\u00f0 \u00e1 varnar- og utanr\u00edkism\u00e1lum eyjanna \u00e1samt l\u00f6gg\u00e6slu \u00feeirra.<\/p>\n\n\n\n<p>F\u00e6reyjar nj\u00f3ta umtalsver\u00f0ra fj\u00e1rstyrkja fr\u00e1 Danm\u00f6rku sem me\u00f0al annars veldur \u00fev\u00ed a\u00f0 \u00fej\u00f3\u00f0in skiptist \u00ed tvo n\u00e1nast jafn st\u00f3ra h\u00f3pa \u00feegar kemur a\u00f0 \u00e1kv\u00f6r\u00f0un um sj\u00e1lfst\u00e6\u00f0i eyjanna. \u00cd \u00fej\u00f3\u00f0aratkv\u00e6\u00f0agrei\u00f0slu um m\u00e1lefni\u00f0 \u00e1ri\u00f0 1946 var ni\u00f0ursta\u00f0an svo j\u00f6fn a\u00f0 \u00fea\u00f0 \u00feurfti a\u00f0 kj\u00f3sa aftur. \u00cd seinni umfer\u00f0 var naumur meirihluti gegn \u00fev\u00ed a\u00f0 l\u00fdsa yfir sj\u00e1lfst\u00e6\u00f0i F\u00e6reyja og \u00fear vi\u00f0 situr enn.<\/p>\n\n\n\n<div class=\"wp-block-image\"><figure class=\"aligncenter size-large\"><img loading=\"lazy\" width=\"1024\" height=\"419\" src=\"https:\/\/www.hestasaga.com\/wp-content\/uploads\/lonely-g96e2f69ba_1920-1-1024x419.jpg\" alt=\"\" class=\"wp-image-8380\" srcset=\"https:\/\/www.hestasaga.com\/wp-content\/uploads\/lonely-g96e2f69ba_1920-1-1024x419.jpg 1024w, https:\/\/www.hestasaga.com\/wp-content\/uploads\/lonely-g96e2f69ba_1920-1-300x123.jpg 300w, https:\/\/www.hestasaga.com\/wp-content\/uploads\/lonely-g96e2f69ba_1920-1-768x314.jpg 768w, https:\/\/www.hestasaga.com\/wp-content\/uploads\/lonely-g96e2f69ba_1920-1-1536x629.jpg 1536w, https:\/\/www.hestasaga.com\/wp-content\/uploads\/lonely-g96e2f69ba_1920-1.jpg 1920w\" sizes=\"(max-width: 1024px) 100vw, 1024px\" \/><figcaption><em>Fr\u00e1 \u00e1rinu 1938 er t\u00f6lu\u00f0 f\u00e6reyska \u00ed kirkjum landsins. <em>Mynd\/Mikkel Wejdemann.<\/em><\/em><\/figcaption><\/figure><\/div>\n\n\n\n<p>F\u00e6reyingar eru danskir \u200b\u200br\u00edkisborgarar og hafa val um a\u00f0 f\u00e1 f\u00e6reyskt\/danskt vegabr\u00e9f e\u00f0a danskt vegabr\u00e9f, en hafa sinn eiginn gjaldmi\u00f0il f\u00e6reysku kr\u00f3nuna, sem er nokkurs konar sta\u00f0bundin \u00fatg\u00e1fa af d\u00f6nsku kr\u00f3nunni me\u00f0 sama ver\u00f0gildi og danska kr\u00f3nan hefur.<\/p>\n\n\n\n<p>Er Danm\u00f6rk gekk \u00ed Evr\u00f3pusambandi\u00f0 \u00e1kv\u00e1\u00f0u F\u00e6reyjar a\u00f0 halda sig utan vi\u00f0 \u00fea\u00f0 til a\u00f0 vernda fiskimi\u00f0 s\u00edn.<br><br><\/p>\n\n\n\n<figure class=\"wp-block-embed aligncenter is-type-video is-provider-vimeo wp-block-embed-vimeo wp-embed-aspect-16-9 wp-has-aspect-ratio\"><div class=\"wp-block-embed__wrapper\">\n<iframe title=\"FaroeIslandsTranslate.com: Get your own free Faroese video-translation\" src=\"https:\/\/player.vimeo.com\/video\/235986704?h=c6e4f2bc92&amp;dnt=1&amp;app_id=122963\" width=\"800\" height=\"450\" frameborder=\"0\" allow=\"autoplay; fullscreen; picture-in-picture\" allowfullscreen><\/iframe>\n<\/div><figcaption><em>M\u00e6li me\u00f0 \u00feessu kynningarmyndbandi fer\u00f0a\u00fej\u00f3nustufyrirt\u00e6kisins Visit Faroe Islands!<\/em><\/figcaption><\/figure>\n\n\n\n<p class=\"has-medium-font-size\"><strong><span style=\"color:#0589c2\" class=\"has-inline-color\">&#8222;Minnst&#8220; af germ\u00f6nsku tungum\u00e1lunum<\/span><\/strong><\/p>\n\n\n\n<p>F\u00e6reyska er fornnorr\u00e6nt, tungum\u00e1l sem er n\u00e1skylt \u00edslensku. Eftir si\u00f0askipti kirkjunnar \u00e1 16. \u00f6ld var banna\u00f0 a\u00f0 tala f\u00e6reysku opinberlega e\u00f0a \u00ed kirkjum og sk\u00f3lum landsins. \u00cd meira en \u00ferj\u00e1r aldir lif\u00f0i tungum\u00e1li\u00f0 \u00ed gegnum hef\u00f0ir \u00ed lj\u00f3\u00f0um, s\u00f6gum og d\u00f6nsum F\u00e6reyinga. <\/p>\n\n\n\n<p>\u00dea\u00f0 var ekki fyrr en \u00e1ri\u00f0 1938 sem F\u00e6reyingar fengu aftur a\u00f0 tala sitt eigi\u00f0 tungum\u00e1l \u00ed kirkjum og sk\u00f3lum landsins. T\u00edu \u00e1rum s\u00ed\u00f0ar var f\u00e6reyska gert a\u00f0 a\u00f0altungum\u00e1li eyjanna.<\/p>\n\n\n\n<div class=\"wp-block-image is-style-default\"><figure class=\"aligncenter size-large is-resized\"><img loading=\"lazy\" src=\"https:\/\/www.hestasaga.com\/wp-content\/uploads\/selfie_resized.jpg\" alt=\"\" class=\"wp-image-8390\" width=\"575\" height=\"383\" srcset=\"https:\/\/www.hestasaga.com\/wp-content\/uploads\/selfie_resized.jpg 767w, https:\/\/www.hestasaga.com\/wp-content\/uploads\/selfie_resized-300x200.jpg 300w\" sizes=\"(max-width: 575px) 100vw, 575px\" \/><figcaption><em>Lifandi og l\u00edflegt \u00fe\u00fd\u00f0ingarforrit f\u00e6reyskrar tungu sem \u00e1 s\u00e9r engan l\u00edka<\/em>!<\/figcaption><\/figure><\/div>\n\n\n\n<p>Danska er n\u00fa opinberlega anna\u00f0 tungum\u00e1l eyjanna. Flestir F\u00e6reyingar skilja og tala ensku \u00fear sem h\u00fan er einnig kennd \u00ed sk\u00f3lum landsins.<\/p>\n\n\n\n<div class=\"wp-block-media-text alignwide has-media-on-the-right is-stacked-on-mobile\"><figure class=\"wp-block-media-text__media\"><img loading=\"lazy\" width=\"1024\" height=\"574\" src=\"https:\/\/www.hestasaga.com\/wp-content\/uploads\/website-1024x574.jpg\" alt=\"\" class=\"wp-image-8389 size-full\" srcset=\"https:\/\/www.hestasaga.com\/wp-content\/uploads\/website-1024x574.jpg 1024w, https:\/\/www.hestasaga.com\/wp-content\/uploads\/website-300x168.jpg 300w, https:\/\/www.hestasaga.com\/wp-content\/uploads\/website-768x431.jpg 768w, https:\/\/www.hestasaga.com\/wp-content\/uploads\/website-1536x862.jpg 1536w, https:\/\/www.hestasaga.com\/wp-content\/uploads\/website.jpg 1886w\" sizes=\"(max-width: 1024px) 100vw, 1024px\" \/><\/figure><div class=\"wp-block-media-text__content\">\n<p>H\u00e9r m\u00e1 heyra hvernig \u00fea\u00f0 hlj\u00f3mar \u00feegar F\u00e6reyingar segja <a href=\"https:\/\/www.faroeislandstranslate.com\/#!\/?videoKey=69928918-c022-413e-9264-1e42e7d7ad53&amp;lang=is\"><em>&#8222;\u00c9g elska F\u00e6reyjar &#8222;<\/em><\/a>  e\u00f0a  <em><a href=\"https:\/\/www.faroeislandstranslate.com\/#!\/?videoKey=4c19f80d-8b2e-4c90-b148-026cb6af01d8&amp;lang=is\">&#8222;allt \u00ed lagi&#8220;<\/a><\/em>(smella \u00e1 textann).<br><\/p>\n<\/div><\/div>\n\n\n\n<p><\/p>\n\n\n\n<figure class=\"wp-block-image size-large is-resized\"><img loading=\"lazy\" src=\"https:\/\/www.hestasaga.com\/wp-content\/uploads\/landscape-g9e9dee09e_1920-1024x683.jpg\" alt=\"\" class=\"wp-image-8374\" width=\"768\" height=\"512\" srcset=\"https:\/\/www.hestasaga.com\/wp-content\/uploads\/landscape-g9e9dee09e_1920-1024x683.jpg 1024w, https:\/\/www.hestasaga.com\/wp-content\/uploads\/landscape-g9e9dee09e_1920-300x200.jpg 300w, https:\/\/www.hestasaga.com\/wp-content\/uploads\/landscape-g9e9dee09e_1920-768x512.jpg 768w, https:\/\/www.hestasaga.com\/wp-content\/uploads\/landscape-g9e9dee09e_1920-1536x1024.jpg 1536w, https:\/\/www.hestasaga.com\/wp-content\/uploads\/landscape-g9e9dee09e_1920.jpg 1920w\" sizes=\"(max-width: 768px) 100vw, 768px\" \/><figcaption><em>Gott er a\u00f0 vera vi\u00f0 \u00f6llu b\u00fainn, \u00fev\u00ed ve\u00f0ur breytist hratt \u00ed F\u00e6reyjum! Mynd\/Kasper Lau.<\/em><\/figcaption><\/figure>\n\n\n\n<p class=\"has-medium-font-size\"><strong><span style=\"color:#0589c2\" class=\"has-inline-color\">\u00dathafsloftslag me\u00f0 t\u00ed\u00f0um ve\u00f0raskiptum<\/span><\/strong><\/p>\n\n\n\n<p>Ve\u00f0ri\u00f0 \u00ed F\u00e6reyjum er einstaklega breytilegt, rakt og vindasamt. \u00dear er d\u00e6migert \u00fathafsloftslag me\u00f0 litlum hitabreytingum milli \u00e1rst\u00ed\u00f0a. Vegna \u00e1hrifa Golfstraumsins er \u00fea\u00f0 milt \u00e1 veturna og fremur svalt \u00e1 sumrin.<\/p>\n\n\n\n<p>Me\u00f0alhiti \u00ed h\u00f6fu\u00f0borginni \u00de\u00f3rsh\u00f6fn \u00e1ri\u00f0 2020 var 7,2\u00b0 C. \u00dear m\u00e6ldist mesti hiti 16,4\u00b0 C og l\u00e6gst hiti -3,6\u00b0 C, s\u00f3lskinsstundir voru 1092, frostdagar 33 og me\u00f0al\u00farkoma 1288 mm (2020). \u00cd me\u00f0al\u00e1ri er hagst\u00e6\u00f0ast a\u00f0 heims\u00e6kja F\u00e6reyjar \u00ed j\u00fal\u00ed \u00fear sem l\u00edkur \u00e1 s\u00f3lard\u00f6gum eru \u00fe\u00e1 mestar.<br><\/p>\n\n\n\n<figure class=\"wp-block-embed is-type-video is-provider-youtube wp-block-embed-youtube wp-embed-aspect-16-9 wp-has-aspect-ratio\"><div class=\"wp-block-embed__wrapper\">\n<iframe title=\"Google Sheepview campaign \u2013 casefilm\" width=\"800\" height=\"450\" src=\"https:\/\/www.youtube.com\/embed\/juijDAf96lI?feature=oembed\" frameborder=\"0\" allow=\"accelerometer; autoplay; clipboard-write; encrypted-media; gyroscope; picture-in-picture\" allowfullscreen><\/iframe>\n<\/div><figcaption><em>Anna\u00f0 vel heppna\u00f0 kynningarmyndband fr\u00e1 fer\u00f0a\u00fej\u00f3nustu F\u00e6reyja sem vert er a\u00f0 k\u00edkja \u00e1!<\/em><\/figcaption><\/figure>\n\n\n\n<p class=\"has-text-color has-medium-font-size\" style=\"color:#0071a1\"><strong><span style=\"color:#0589c2\" class=\"has-inline-color\">\u00c1rangursr\u00edk augl\u00fdsingaherfer\u00f0 <\/span><\/strong><\/p>\n\n\n\n<p>\u00c1ri\u00f0 2016 var hleypt af stokkunum augl\u00fdsingaherfer\u00f0 \u00ed samstarfi vi\u00f0 fer\u00f0a\u00fej\u00f3nustufyrirt\u00e6ki\u00f0 <em>Visit Faroe Islands<\/em> og f\u00e6reyska flugf\u00e9lagi\u00f0 <em>Atlantic Airways<\/em> undir forystu ungrar konu a\u00f0 nafni Durita Dahl Andreassen. Markmi\u00f0 verkefnisins var a\u00f0 kynna F\u00e6reyjar sem fer\u00f0amannaland og f\u00e1 netrisann Google til a\u00f0 kortleggja eyjarnar me\u00f0 <em>Google Street View<\/em>.<\/p>\n\n\n\n<p>\u00c1 mj\u00f6g sk\u00f6mmum t\u00edma t\u00f3kst Duritu a\u00f0 draga athygli umheimsins a\u00f0 F\u00e6reyjum me\u00f0 einstaklega frumlegri hugmynd. Og \u00e1 n\u00fd var \u00fea\u00f0 sau\u00f0kindin l\u00e9k st\u00f3rt hlutverk og hj\u00e1lpa\u00f0i F\u00e6reyingum a\u00f0 n\u00e1 settu marki. <br><\/p>\n\n\n\n<div class=\"wp-block-image is-style-default\"><figure class=\"aligncenter size-large is-resized\"><img loading=\"lazy\" src=\"https:\/\/www.hestasaga.com\/wp-content\/uploads\/sheepview_roof_10mb1-2-1024x744.jpg\" alt=\"\" class=\"wp-image-8394\" width=\"512\" height=\"372\" srcset=\"https:\/\/www.hestasaga.com\/wp-content\/uploads\/sheepview_roof_10mb1-2-1024x744.jpg 1024w, https:\/\/www.hestasaga.com\/wp-content\/uploads\/sheepview_roof_10mb1-2-300x218.jpg 300w, https:\/\/www.hestasaga.com\/wp-content\/uploads\/sheepview_roof_10mb1-2-768x558.jpg 768w, https:\/\/www.hestasaga.com\/wp-content\/uploads\/sheepview_roof_10mb1-2-1536x1116.jpg 1536w, https:\/\/www.hestasaga.com\/wp-content\/uploads\/sheepview_roof_10mb1-2-2048x1489.jpg 2048w\" sizes=\"(max-width: 512px) 100vw, 512px\" \/><figcaption><em>Sau\u00f0kind &#8222;a\u00f0 st\u00f6rfum&#8220; me\u00f0 myndat\u00f6ku\u00fatb\u00fana\u00f0 og s\u00f3larrafhl\u00f6\u00f0u \u00e1 bakinu.<\/em><\/figcaption><\/figure><\/div>\n\n\n\n<p class=\"has-medium-font-size\"><strong><span style=\"color:#0589c2\" class=\"has-inline-color\">Google Sheep View 360\u00b0<\/span><\/strong><\/p>\n\n\n\n<p>Me\u00f0 \u00fev\u00ed a\u00f0 koma fyrir 360\u02da myndav\u00e9l \u00e1samt s\u00f3larrafhl\u00f6\u00f0u \u00e1 baki sau\u00f0kindar sem f\u00e9kk a\u00f0 vafra frj\u00e1ls um \u00ed n\u00e1tt\u00farunni, var h\u00e6gt a\u00f0 streyma myndum og v\u00edde\u00f3um af hinu fallega f\u00e6reyska landslagi og \u00ed gegnum fars\u00edma Duritu inn \u00e1 Street view vef Google sem h\u00fan kalla\u00f0i <em>Google Sheep View.<\/em> St\u00f3rfyndnar og skemmtilegar bloggf\u00e6rslur Duritu um verkefni\u00f0 fengu flj\u00f3lega athygli umheimsins og ur\u00f0u geysivins\u00e6lar. <\/p>\n\n\n\n<p>Eftir a\u00f0eins nokkra m\u00e1nu\u00f0i haf\u00f0i verkefni\u00f0 einnig fanga\u00f0 athygli starfsmanna Google sem komu til F\u00e6reyja me\u00f0 tilheyrandi \u00fatb\u00fana\u00f0 og h\u00f3fu a\u00f0 kortleggja F\u00e6reyjar og setja inn \u00e1 Google Street View. \u00c1 sama t\u00edma fylltust \u00f6ll h\u00f3tel \u00ed F\u00e6reyjum af fer\u00f0am\u00f6nnum. Takmarki verkefnisins var n\u00e1\u00f0 og F\u00e6reyjar komnar \u00e1 allra varir!<br><\/p>\n\n\n\n<figure class=\"wp-block-image size-large is-resized is-style-default\"><img loading=\"lazy\" src=\"https:\/\/www.hestasaga.com\/wp-content\/uploads\/sheepview_0601-1024x576.jpg\" alt=\"\" class=\"wp-image-8385\" width=\"768\" height=\"432\" srcset=\"https:\/\/www.hestasaga.com\/wp-content\/uploads\/sheepview_0601-1024x576.jpg 1024w, https:\/\/www.hestasaga.com\/wp-content\/uploads\/sheepview_0601-300x169.jpg 300w, https:\/\/www.hestasaga.com\/wp-content\/uploads\/sheepview_0601-768x432.jpg 768w, https:\/\/www.hestasaga.com\/wp-content\/uploads\/sheepview_0601-1536x864.jpg 1536w, https:\/\/www.hestasaga.com\/wp-content\/uploads\/sheepview_0601-2048x1152.jpg 2048w\" sizes=\"(max-width: 768px) 100vw, 768px\" \/><figcaption><em>Durita Dahl Andreassen og kindurnar hennar beindu sj\u00f3num manna a\u00f0 F\u00e6reyjum og ger\u00f0u heimaland hennar a\u00f0 vins\u00e6lu fer\u00f0amannalandi.<\/em><\/figcaption><\/figure>\n\n\n\n<p class=\"has-text-color has-medium-font-size\" style=\"color:#0071a1\"><br>HEIMILDIR:<\/p>\n\n\n\n<p><a href=\"https:\/\/www.visitfaroeislands.com\/\">https:\/\/www.visitfaroeislands.com\/<\/a><\/p>\n\n\n\n<p><a href=\"https:\/\/hagstova.fo\">https:\/\/hagstova.fo<\/a><\/p>\n\n\n\n<p><a href=\"https:\/\/www.faroeislandstranslate.com\/\">https:\/\/www.faroeislandstranslate.com\/<\/a><\/p>\n\n\n\n<p><a href=\"https:\/\/de.wikipedia.org\/wiki\/Autonomie_der_F%C3%A4r%C3%B6er\">https:\/\/de.wikipedia.org\/wiki\/Autonomie_der_F%C3%A4r%C3%B6er<\/a><\/p>\n\n\n\n<p><a href=\"https:\/\/www.faroeislands.fo\/\">https:\/\/www.faroeislands.fo\/<\/a><\/p>\n\n\n\n<p><a href=\"https:\/\/www.smyrilline.com\/\">https:\/\/www.smyrilline.com\/<\/a><\/p>\n\n\n\n<p><a href=\"https:\/\/www.atlanticairways.com\/\">https:\/\/www.atlanticairways.com\/<\/a><\/p>\n\n\n\n<p><a href=\"https:\/\/hiking.fo\/\">https:\/\/hiking.fo\/<\/a><\/p>\n","protected":false},"excerpt":{"rendered":"<p>N\u00e1tt\u00faruperlan F\u00e6reyjar b\u00ed\u00f0ur fer\u00f0amannsins me\u00f0 \u00f3tr\u00falega fallegt landslag og skemmtilegt f\u00f3lk a\u00f0eins steinsnar fr\u00e1 \u00cdslandi.<\/p>\n","protected":false},"author":3,"featured_media":8379,"parent":0,"comment_status":"open","ping_status":"closed","template":"","acf":[],"yoast_head":"<!-- This site is optimized with the Yoast SEO plugin v19.7.1 - https:\/\/yoast.com\/wordpress\/plugins\/seo\/ -->\n<title>F\u00e6reyjar - n\u00e1tt\u00faruperla sem kemur \u00e1 \u00f3vart! - Hestasaga<\/title>\n<meta name=\"description\" content=\"N\u00e1tt\u00faruperlan F\u00e6reyjar b\u00ed\u00f0ur fer\u00f0amannsins me\u00f0 \u00f3tr\u00falega fallegt landslag og skemmtilegt f\u00f3lk a\u00f0eins steinsnar fr\u00e1 \u00cdslandi.\" \/>\n<meta name=\"robots\" content=\"index, follow, max-snippet:-1, max-image-preview:large, max-video-preview:-1\" \/>\n<link rel=\"canonical\" href=\"https:\/\/www.hestasaga.com\/is\/kunst_kultur\/faereyjar-natturuperla-sem-kemur-a-ovart\/\" \/>\n<meta property=\"og:locale\" content=\"is_IS\" \/>\n<meta property=\"og:type\" content=\"article\" \/>\n<meta property=\"og:title\" content=\"F\u00e6reyjar - n\u00e1tt\u00faruperla sem kemur \u00e1 \u00f3vart! - Hestasaga\" \/>\n<meta property=\"og:description\" content=\"N\u00e1tt\u00faruperlan F\u00e6reyjar b\u00ed\u00f0ur fer\u00f0amannsins me\u00f0 \u00f3tr\u00falega fallegt landslag og skemmtilegt f\u00f3lk a\u00f0eins steinsnar fr\u00e1 \u00cdslandi.\" \/>\n<meta property=\"og:url\" content=\"https:\/\/www.hestasaga.com\/is\/kunst_kultur\/faereyjar-natturuperla-sem-kemur-a-ovart\/\" \/>\n<meta property=\"og:site_name\" content=\"Hestasaga\" \/>\n<meta property=\"article:publisher\" content=\"https:\/\/www.facebook.com\/hestasaga\/\" \/>\n<meta property=\"article:modified_time\" content=\"2022-02-22T20:45:51+00:00\" \/>\n<meta property=\"og:image\" content=\"https:\/\/www.hestasaga.com\/wp-content\/uploads\/weatherproof-g5a2090c6f_1920-2.jpg\" \/>\n\t<meta property=\"og:image:width\" content=\"1920\" \/>\n\t<meta property=\"og:image:height\" content=\"1275\" \/>\n\t<meta property=\"og:image:type\" content=\"image\/jpeg\" \/>\n<meta name=\"twitter:card\" content=\"summary_large_image\" \/>\n<meta name=\"twitter:site\" content=\"@Hestasaga\" \/>\n<meta name=\"twitter:label1\" content=\"Est. reading time\" \/>\n\t<meta name=\"twitter:data1\" content=\"9 minutes\" \/>\n<script type=\"application\/ld+json\" class=\"yoast-schema-graph\">{\"@context\":\"https:\/\/schema.org\",\"@graph\":[{\"@type\":\"WebPage\",\"@id\":\"https:\/\/www.hestasaga.com\/is\/kunst_kultur\/faereyjar-natturuperla-sem-kemur-a-ovart\/\",\"url\":\"https:\/\/www.hestasaga.com\/is\/kunst_kultur\/faereyjar-natturuperla-sem-kemur-a-ovart\/\",\"name\":\"F\u00e6reyjar - n\u00e1tt\u00faruperla sem kemur \u00e1 \u00f3vart! - Hestasaga\",\"isPartOf\":{\"@id\":\"https:\/\/www.hestasaga.com\/en\/#website\"},\"datePublished\":\"2022-02-22T12:18:01+00:00\",\"dateModified\":\"2022-02-22T20:45:51+00:00\",\"description\":\"N\u00e1tt\u00faruperlan F\u00e6reyjar b\u00ed\u00f0ur fer\u00f0amannsins me\u00f0 \u00f3tr\u00falega fallegt landslag og skemmtilegt f\u00f3lk a\u00f0eins steinsnar fr\u00e1 \u00cdslandi.\",\"breadcrumb\":{\"@id\":\"https:\/\/www.hestasaga.com\/is\/kunst_kultur\/faereyjar-natturuperla-sem-kemur-a-ovart\/#breadcrumb\"},\"inLanguage\":\"is\",\"potentialAction\":[{\"@type\":\"ReadAction\",\"target\":[\"https:\/\/www.hestasaga.com\/is\/kunst_kultur\/faereyjar-natturuperla-sem-kemur-a-ovart\/\"]}]},{\"@type\":\"BreadcrumbList\",\"@id\":\"https:\/\/www.hestasaga.com\/is\/kunst_kultur\/faereyjar-natturuperla-sem-kemur-a-ovart\/#breadcrumb\",\"itemListElement\":[{\"@type\":\"ListItem\",\"position\":1,\"name\":\"Startseite\",\"item\":\"https:\/\/www.hestasaga.com\/is\/\"},{\"@type\":\"ListItem\",\"position\":2,\"name\":\"F\u00e6reyjar &#8211; n\u00e1tt\u00faruperla sem kemur \u00e1 \u00f3vart!\"}]},{\"@type\":\"WebSite\",\"@id\":\"https:\/\/www.hestasaga.com\/en\/#website\",\"url\":\"https:\/\/www.hestasaga.com\/en\/\",\"name\":\"Hestasaga\",\"description\":\"\",\"publisher\":{\"@id\":\"https:\/\/www.hestasaga.com\/en\/#organization\"},\"potentialAction\":[{\"@type\":\"SearchAction\",\"target\":{\"@type\":\"EntryPoint\",\"urlTemplate\":\"https:\/\/www.hestasaga.com\/en\/?s={search_term_string}\"},\"query-input\":\"required name=search_term_string\"}],\"inLanguage\":\"is\"},{\"@type\":\"Organization\",\"@id\":\"https:\/\/www.hestasaga.com\/en\/#organization\",\"name\":\"HestaSaga\",\"url\":\"https:\/\/www.hestasaga.com\/en\/\",\"sameAs\":[\"https:\/\/www.instagram.com\/hestasaga\/\",\"https:\/\/www.facebook.com\/hestasaga\/\",\"https:\/\/twitter.com\/Hestasaga\"],\"logo\":{\"@type\":\"ImageObject\",\"inLanguage\":\"is\",\"@id\":\"https:\/\/www.hestasaga.com\/en\/#\/schema\/logo\/image\/\",\"url\":\"https:\/\/www.hestasaga.com\/wp-content\/uploads\/hestasaga_logo.png\",\"contentUrl\":\"https:\/\/www.hestasaga.com\/wp-content\/uploads\/hestasaga_logo.png\",\"width\":600,\"height\":214,\"caption\":\"HestaSaga\"},\"image\":{\"@id\":\"https:\/\/www.hestasaga.com\/en\/#\/schema\/logo\/image\/\"}}]}<\/script>\n<!-- \/ Yoast SEO plugin. -->","yoast_head_json":{"title":"F\u00e6reyjar - n\u00e1tt\u00faruperla sem kemur \u00e1 \u00f3vart! - Hestasaga","description":"N\u00e1tt\u00faruperlan F\u00e6reyjar b\u00ed\u00f0ur fer\u00f0amannsins me\u00f0 \u00f3tr\u00falega fallegt landslag og skemmtilegt f\u00f3lk a\u00f0eins steinsnar fr\u00e1 \u00cdslandi.","robots":{"index":"index","follow":"follow","max-snippet":"max-snippet:-1","max-image-preview":"max-image-preview:large","max-video-preview":"max-video-preview:-1"},"canonical":"https:\/\/www.hestasaga.com\/is\/kunst_kultur\/faereyjar-natturuperla-sem-kemur-a-ovart\/","og_locale":"is_IS","og_type":"article","og_title":"F\u00e6reyjar - n\u00e1tt\u00faruperla sem kemur \u00e1 \u00f3vart! - Hestasaga","og_description":"N\u00e1tt\u00faruperlan F\u00e6reyjar b\u00ed\u00f0ur fer\u00f0amannsins me\u00f0 \u00f3tr\u00falega fallegt landslag og skemmtilegt f\u00f3lk a\u00f0eins steinsnar fr\u00e1 \u00cdslandi.","og_url":"https:\/\/www.hestasaga.com\/is\/kunst_kultur\/faereyjar-natturuperla-sem-kemur-a-ovart\/","og_site_name":"Hestasaga","article_publisher":"https:\/\/www.facebook.com\/hestasaga\/","article_modified_time":"2022-02-22T20:45:51+00:00","og_image":[{"width":1920,"height":1275,"url":"https:\/\/www.hestasaga.com\/wp-content\/uploads\/weatherproof-g5a2090c6f_1920-2.jpg","type":"image\/jpeg"}],"twitter_card":"summary_large_image","twitter_site":"@Hestasaga","twitter_misc":{"Est. reading time":"9 minutes"},"schema":{"@context":"https:\/\/schema.org","@graph":[{"@type":"WebPage","@id":"https:\/\/www.hestasaga.com\/is\/kunst_kultur\/faereyjar-natturuperla-sem-kemur-a-ovart\/","url":"https:\/\/www.hestasaga.com\/is\/kunst_kultur\/faereyjar-natturuperla-sem-kemur-a-ovart\/","name":"F\u00e6reyjar - n\u00e1tt\u00faruperla sem kemur \u00e1 \u00f3vart! - Hestasaga","isPartOf":{"@id":"https:\/\/www.hestasaga.com\/en\/#website"},"datePublished":"2022-02-22T12:18:01+00:00","dateModified":"2022-02-22T20:45:51+00:00","description":"N\u00e1tt\u00faruperlan F\u00e6reyjar b\u00ed\u00f0ur fer\u00f0amannsins me\u00f0 \u00f3tr\u00falega fallegt landslag og skemmtilegt f\u00f3lk a\u00f0eins steinsnar fr\u00e1 \u00cdslandi.","breadcrumb":{"@id":"https:\/\/www.hestasaga.com\/is\/kunst_kultur\/faereyjar-natturuperla-sem-kemur-a-ovart\/#breadcrumb"},"inLanguage":"is","potentialAction":[{"@type":"ReadAction","target":["https:\/\/www.hestasaga.com\/is\/kunst_kultur\/faereyjar-natturuperla-sem-kemur-a-ovart\/"]}]},{"@type":"BreadcrumbList","@id":"https:\/\/www.hestasaga.com\/is\/kunst_kultur\/faereyjar-natturuperla-sem-kemur-a-ovart\/#breadcrumb","itemListElement":[{"@type":"ListItem","position":1,"name":"Startseite","item":"https:\/\/www.hestasaga.com\/is\/"},{"@type":"ListItem","position":2,"name":"F\u00e6reyjar &#8211; n\u00e1tt\u00faruperla sem kemur \u00e1 \u00f3vart!"}]},{"@type":"WebSite","@id":"https:\/\/www.hestasaga.com\/en\/#website","url":"https:\/\/www.hestasaga.com\/en\/","name":"Hestasaga","description":"","publisher":{"@id":"https:\/\/www.hestasaga.com\/en\/#organization"},"potentialAction":[{"@type":"SearchAction","target":{"@type":"EntryPoint","urlTemplate":"https:\/\/www.hestasaga.com\/en\/?s={search_term_string}"},"query-input":"required name=search_term_string"}],"inLanguage":"is"},{"@type":"Organization","@id":"https:\/\/www.hestasaga.com\/en\/#organization","name":"HestaSaga","url":"https:\/\/www.hestasaga.com\/en\/","sameAs":["https:\/\/www.instagram.com\/hestasaga\/","https:\/\/www.facebook.com\/hestasaga\/","https:\/\/twitter.com\/Hestasaga"],"logo":{"@type":"ImageObject","inLanguage":"is","@id":"https:\/\/www.hestasaga.com\/en\/#\/schema\/logo\/image\/","url":"https:\/\/www.hestasaga.com\/wp-content\/uploads\/hestasaga_logo.png","contentUrl":"https:\/\/www.hestasaga.com\/wp-content\/uploads\/hestasaga_logo.png","width":600,"height":214,"caption":"HestaSaga"},"image":{"@id":"https:\/\/www.hestasaga.com\/en\/#\/schema\/logo\/image\/"}}]}},"_links":{"self":[{"href":"https:\/\/www.hestasaga.com\/is\/wp-json\/wp\/v2\/kunst_kultur\/8366"}],"collection":[{"href":"https:\/\/www.hestasaga.com\/is\/wp-json\/wp\/v2\/kunst_kultur"}],"about":[{"href":"https:\/\/www.hestasaga.com\/is\/wp-json\/wp\/v2\/types\/kunst_kultur"}],"author":[{"embeddable":true,"href":"https:\/\/www.hestasaga.com\/is\/wp-json\/wp\/v2\/users\/3"}],"replies":[{"embeddable":true,"href":"https:\/\/www.hestasaga.com\/is\/wp-json\/wp\/v2\/comments?post=8366"}],"version-history":[{"count":49,"href":"https:\/\/www.hestasaga.com\/is\/wp-json\/wp\/v2\/kunst_kultur\/8366\/revisions"}],"predecessor-version":[{"id":8540,"href":"https:\/\/www.hestasaga.com\/is\/wp-json\/wp\/v2\/kunst_kultur\/8366\/revisions\/8540"}],"wp:featuredmedia":[{"embeddable":true,"href":"https:\/\/www.hestasaga.com\/is\/wp-json\/wp\/v2\/media\/8379"}],"wp:attachment":[{"href":"https:\/\/www.hestasaga.com\/is\/wp-json\/wp\/v2\/media?parent=8366"}],"curies":[{"name":"wp","href":"https:\/\/api.w.org\/{rel}","templated":true}]}}